{"id":7523,"date":"2019-12-24T03:03:03","date_gmt":"2019-12-24T03:03:03","guid":{"rendered":"http:\/\/timeline-germany.de\/wp-content\/uploads\/2019\/12\/foerdergelder-zurueckgegeben-kommunen-verzichten-auf-breitbandausbau.jpg"},"modified":"2019-12-24T03:03:03","modified_gmt":"2019-12-24T03:03:03","slug":"foerdergelder-zurueckgegeben-kommunen-verzichten-auf-breitbandausbau-2","status":"inherit","type":"attachment","link":"https:\/\/timeline-germany.de\/en\/foerdergelder-zurueckgegeben-kommunen-verzichten-auf-breitbandausbau-2","title":{"rendered":"foerdergelder-zurueckgegeben-kommunen-verzichten-auf-breitbandausbau"},"author":0,"featured_media":0,"comment_status":"open","ping_status":"closed","template":"","meta":{"colormag_page_container_layout":"default_layout","colormag_page_sidebar_layout":"default_layout"},"class_list":["post-7523","attachment","type-attachment","status-inherit","hentry"],"aioseo_notices":[],"description":{"rendered":"<p class=\"attachment\"><a href='https:\/\/timeline-germany.de\/wp-content\/uploads\/2019\/12\/foerdergelder-zurueckgegeben-kommunen-verzichten-auf-breitbandausbau.jpg'><img loading=\"lazy\" decoding=\"async\" width=\"300\" height=\"169\" src=\"https:\/\/timeline-germany.de\/wp-content\/uploads\/2019\/12\/foerdergelder-zurueckgegeben-kommunen-verzichten-auf-breitbandausbau-300x169.jpg\" class=\"attachment-medium size-medium\" alt=\"\" srcset=\"https:\/\/timeline-germany.de\/wp-content\/uploads\/2019\/12\/foerdergelder-zurueckgegeben-kommunen-verzichten-auf-breitbandausbau-300x169.jpg 300w, https:\/\/timeline-germany.de\/wp-content\/uploads\/2019\/12\/foerdergelder-zurueckgegeben-kommunen-verzichten-auf-breitbandausbau-768x432.jpg 768w, https:\/\/timeline-germany.de\/wp-content\/uploads\/2019\/12\/foerdergelder-zurueckgegeben-kommunen-verzichten-auf-breitbandausbau.jpg 860w\" sizes=\"auto, (max-width: 300px) 100vw, 300px\" \/><\/a><\/p>\n"},"caption":{"rendered":""},"alt_text":"","media_type":"image","mime_type":"image\/jpeg","media_details":{"width":860,"height":484,"file":"2019\/12\/foerdergelder-zurueckgegeben-kommunen-verzichten-auf-breitbandausbau.jpg","sizes":{"thumbnail":{"file":"foerdergelder-zurueckgegeben-kommunen-verzichten-auf-breitbandausbau-150x150.jpg","width":150,"height":150,"mime_type":"image\/jpeg","source_url":"https:\/\/timeline-germany.de\/wp-content\/uploads\/2019\/12\/foerdergelder-zurueckgegeben-kommunen-verzichten-auf-breitbandausbau-150x150.jpg"},"medium":{"file":"foerdergelder-zurueckgegeben-kommunen-verzichten-auf-breitbandausbau-300x169.jpg","width":300,"height":169,"mime_type":"image\/jpeg","source_url":"https:\/\/timeline-germany.de\/wp-content\/uploads\/2019\/12\/foerdergelder-zurueckgegeben-kommunen-verzichten-auf-breitbandausbau-300x169.jpg"},"medium_large":{"file":"foerdergelder-zurueckgegeben-kommunen-verzichten-auf-breitbandausbau-768x432.jpg","width":768,"height":432,"mime_type":"image\/jpeg","source_url":"https:\/\/timeline-germany.de\/wp-content\/uploads\/2019\/12\/foerdergelder-zurueckgegeben-kommunen-verzichten-auf-breitbandausbau-768x432.jpg"},"colormag-highlighted-post":{"file":"foerdergelder-zurueckgegeben-kommunen-verzichten-auf-breitbandausbau-392x272.jpg","width":392,"height":272,"mime_type":"image\/jpeg","source_url":"https:\/\/timeline-germany.de\/wp-content\/uploads\/2019\/12\/foerdergelder-zurueckgegeben-kommunen-verzichten-auf-breitbandausbau-392x272.jpg"},"colormag-featured-post-medium":{"file":"foerdergelder-zurueckgegeben-kommunen-verzichten-auf-breitbandausbau-390x205.jpg","width":390,"height":205,"mime_type":"image\/jpeg","source_url":"https:\/\/timeline-germany.de\/wp-content\/uploads\/2019\/12\/foerdergelder-zurueckgegeben-kommunen-verzichten-auf-breitbandausbau-390x205.jpg"},"colormag-featured-post-small":{"file":"foerdergelder-zurueckgegeben-kommunen-verzichten-auf-breitbandausbau-130x90.jpg","width":130,"height":90,"mime_type":"image\/jpeg","source_url":"https:\/\/timeline-germany.de\/wp-content\/uploads\/2019\/12\/foerdergelder-zurueckgegeben-kommunen-verzichten-auf-breitbandausbau-130x90.jpg"},"colormag-featured-image":{"file":"foerdergelder-zurueckgegeben-kommunen-verzichten-auf-breitbandausbau-800x445.jpg","width":800,"height":445,"mime_type":"image\/jpeg","source_url":"https:\/\/timeline-germany.de\/wp-content\/uploads\/2019\/12\/foerdergelder-zurueckgegeben-kommunen-verzichten-auf-breitbandausbau-800x445.jpg"},"full":{"file":"foerdergelder-zurueckgegeben-kommunen-verzichten-auf-breitbandausbau.jpg","width":860,"height":484,"mime_type":"image\/jpeg","source_url":"https:\/\/timeline-germany.de\/wp-content\/uploads\/2019\/12\/foerdergelder-zurueckgegeben-kommunen-verzichten-auf-breitbandausbau.jpg"}},"image_meta":{"aperture":"0","credit":"picture alliance \/ Oliver Berg\/d","camera":"","caption":"ARCHIV\u00a0- Arbeiter verlegen am 30.11.2015 in H\u00fcrth (Nordrhein-Westfalen) Glasfaserkabel. Niedersachsens Landwirtschaftsminister Meyer zieht am 19.07.2017 in Hannover (Niedersachsen) Bilanz der Versorgung l\u00e4ndlicher R\u00e4ume mit schnellem Internet. Seit 2015 f\u00f6rdert Niedersachsen den Ausbau schneller Internetverbindungen auf dem Land. (zu dpa \"Agrarminister informiert \u00fcber Breitbandausbau in l\u00e4ndlichen Regionen\" vom 18.07.2017) Foto: Oliver Berg\/dpa +++(c) dpa - Bildfunk+++ | Verwendung weltweit","created_timestamp":"0","copyright":"Verwendung weltweit","focal_length":"0","iso":"0","shutter_speed":"0","title":"Breitbandausbau","orientation":"0","keywords":["breitbandausbau","verlegun",".Telekommunikation","kabel",".Niedersachsen","internetausbau","highspeed internet",".Internet",".lni","Politik"]}},"post":null,"source_url":"https:\/\/timeline-germany.de\/wp-content\/uploads\/2019\/12\/foerdergelder-zurueckgegeben-kommunen-verzichten-auf-breitbandausbau.jpg","_links":{"self":[{"href":"https:\/\/timeline-germany.de\/en\/wp-json\/wp\/v2\/media\/7523","targetHints":{"allow":["GET"]}}],"collection":[{"href":"https:\/\/timeline-germany.de\/en\/wp-json\/wp\/v2\/media"}],"about":[{"href":"https:\/\/timeline-germany.de\/en\/wp-json\/wp\/v2\/types\/attachment"}],"replies":[{"embeddable":true,"href":"https:\/\/timeline-germany.de\/en\/wp-json\/wp\/v2\/comments?post=7523"}]}}