{"id":7776,"date":"2020-01-09T03:02:55","date_gmt":"2020-01-09T03:02:55","guid":{"rendered":"http:\/\/timeline-germany.de\/wp-content\/uploads\/2020\/01\/ski-genuss-das-neue-angebot-fuer-genuss-skifahrer.jpg"},"modified":"2020-01-09T03:02:55","modified_gmt":"2020-01-09T03:02:55","slug":"ski-genuss-das-neue-angebot-fuer-genuss-skifahrer","status":"inherit","type":"attachment","link":"https:\/\/timeline-germany.de\/en\/ski-genuss-das-neue-angebot-fuer-genuss-skifahrer","title":{"rendered":"ski-genuss-das-neue-angebot-fuer-genuss-skifahrer"},"author":0,"featured_media":0,"comment_status":"open","ping_status":"closed","template":"","meta":{"colormag_page_container_layout":"default_layout","colormag_page_sidebar_layout":"default_layout"},"class_list":["post-7776","attachment","type-attachment","status-inherit","hentry"],"aioseo_notices":[],"description":{"rendered":"<p class=\"attachment\"><a href='https:\/\/timeline-germany.de\/wp-content\/uploads\/2020\/01\/ski-genuss-das-neue-angebot-fuer-genuss-skifahrer.jpg'><img loading=\"lazy\" decoding=\"async\" width=\"300\" height=\"199\" src=\"https:\/\/timeline-germany.de\/wp-content\/uploads\/2020\/01\/ski-genuss-das-neue-angebot-fuer-genuss-skifahrer-300x199.jpg\" class=\"attachment-medium size-medium\" alt=\"\" srcset=\"https:\/\/timeline-germany.de\/wp-content\/uploads\/2020\/01\/ski-genuss-das-neue-angebot-fuer-genuss-skifahrer-300x199.jpg 300w, https:\/\/timeline-germany.de\/wp-content\/uploads\/2020\/01\/ski-genuss-das-neue-angebot-fuer-genuss-skifahrer.jpg 710w\" sizes=\"auto, (max-width: 300px) 100vw, 300px\" \/><\/a><\/p>\n"},"caption":{"rendered":""},"alt_text":"","media_type":"image","mime_type":"image\/jpeg","media_details":{"width":710,"height":472,"file":"2020\/01\/ski-genuss-das-neue-angebot-fuer-genuss-skifahrer.jpg","sizes":{"thumbnail":{"file":"ski-genuss-das-neue-angebot-fuer-genuss-skifahrer-150x150.jpg","width":150,"height":150,"mime_type":"image\/jpeg","source_url":"https:\/\/timeline-germany.de\/wp-content\/uploads\/2020\/01\/ski-genuss-das-neue-angebot-fuer-genuss-skifahrer-150x150.jpg"},"medium":{"file":"ski-genuss-das-neue-angebot-fuer-genuss-skifahrer-300x199.jpg","width":300,"height":199,"mime_type":"image\/jpeg","source_url":"https:\/\/timeline-germany.de\/wp-content\/uploads\/2020\/01\/ski-genuss-das-neue-angebot-fuer-genuss-skifahrer-300x199.jpg"},"colormag-highlighted-post":{"file":"ski-genuss-das-neue-angebot-fuer-genuss-skifahrer-392x272.jpg","width":392,"height":272,"mime_type":"image\/jpeg","source_url":"https:\/\/timeline-germany.de\/wp-content\/uploads\/2020\/01\/ski-genuss-das-neue-angebot-fuer-genuss-skifahrer-392x272.jpg"},"colormag-featured-post-medium":{"file":"ski-genuss-das-neue-angebot-fuer-genuss-skifahrer-390x205.jpg","width":390,"height":205,"mime_type":"image\/jpeg","source_url":"https:\/\/timeline-germany.de\/wp-content\/uploads\/2020\/01\/ski-genuss-das-neue-angebot-fuer-genuss-skifahrer-390x205.jpg"},"colormag-featured-post-small":{"file":"ski-genuss-das-neue-angebot-fuer-genuss-skifahrer-130x90.jpg","width":130,"height":90,"mime_type":"image\/jpeg","source_url":"https:\/\/timeline-germany.de\/wp-content\/uploads\/2020\/01\/ski-genuss-das-neue-angebot-fuer-genuss-skifahrer-130x90.jpg"},"colormag-featured-image":{"file":"ski-genuss-das-neue-angebot-fuer-genuss-skifahrer-710x445.jpg","width":710,"height":445,"mime_type":"image\/jpeg","source_url":"https:\/\/timeline-germany.de\/wp-content\/uploads\/2020\/01\/ski-genuss-das-neue-angebot-fuer-genuss-skifahrer-710x445.jpg"},"full":{"file":"ski-genuss-das-neue-angebot-fuer-genuss-skifahrer.jpg","width":710,"height":472,"mime_type":"image\/jpeg","source_url":"https:\/\/timeline-germany.de\/wp-content\/uploads\/2020\/01\/ski-genuss-das-neue-angebot-fuer-genuss-skifahrer.jpg"}},"image_meta":{"aperture":"0","credit":"","camera":"","caption":"Genie\u00dfer unter den Skiurlaubern haben jetzt bei 50plus Hotels mit \"Ski-Genuss\" ein neues Winter-Highlight! Konkrete Angebote f\u00fcr genussvolle Winterurlaube in Verbindung mit Landschaftsgenuss auf den Skiern und kulinarischen Gen\u00fcssen in Hotels und in den Ski-H\u00fctten werden angeboten. \"Um in Zukunft G\u00e4ste anzuziehen, wird es notwendig sein, Angebote zu schaffen, die hochemotional sind und alle Sinne ansprechen. Diese Verbindung aus Wintersport, landschaftlichem und kulinarischem Genuss erm\u00f6glicht dieses sinnliche Eintauchen in eine andere Lebenswelt und bedient damit eine Sehnsucht der G\u00e4ste.\", so Tourismusexperte Mag. Richard Bauer. Regionen aus Salzburg wie beispielsweise Ski Amad\u00e9 mit der \n                \n                  Region Hochk\u00f6nig\n                \n                 und dem \n                \n                  Hotel Bergheimat\n                \n                 oder die Ski-Almenwelt Lofer mit dem \n                \n                  Hotel M\u00fchlpointhof\n                \n                , Tirol mit dem Lechtal und dem \n                \n                  Hotel Neue Post\n                \n                 und dem Tannheimertal mit dem \n                \n                  Hotel Schwarzer Adler\n                \n                 sowie die Steiermark mit dem \n                \n                  Mariazeller Land\n                \n                -B\u00fcrgeralpe und ihren Hotels sind die ersten Anbieter dieser neuen Initiative, die sich an echte Genie\u00dfer, vor allem auch an jene aus 50plus-Urlaubern wendet. Die Initiative \"Ski-Genuss\" wird daher neben 50plus Hotels auch von Genuss Reisen \u00d6sterreich mitgetragen.","created_timestamp":"0","copyright":"","focal_length":"0","iso":"0","shutter_speed":"0","title":"50plus Hotels: Kulinarischer Wintergenuss in \u00d6sterreichs Ski-Regionen","orientation":"0","keywords":["Gastronomie"]}},"post":null,"source_url":"https:\/\/timeline-germany.de\/wp-content\/uploads\/2020\/01\/ski-genuss-das-neue-angebot-fuer-genuss-skifahrer.jpg","_links":{"self":[{"href":"https:\/\/timeline-germany.de\/en\/wp-json\/wp\/v2\/media\/7776","targetHints":{"allow":["GET"]}}],"collection":[{"href":"https:\/\/timeline-germany.de\/en\/wp-json\/wp\/v2\/media"}],"about":[{"href":"https:\/\/timeline-germany.de\/en\/wp-json\/wp\/v2\/types\/attachment"}],"replies":[{"embeddable":true,"href":"https:\/\/timeline-germany.de\/en\/wp-json\/wp\/v2\/comments?post=7776"}]}}