{"id":8113,"date":"2020-01-24T03:02:58","date_gmt":"2020-01-24T03:02:58","guid":{"rendered":"http:\/\/timeline-germany.de\/wp-content\/uploads\/2020\/01\/20200123-ONA0002-1-1.jpg"},"modified":"2020-01-24T03:02:58","modified_gmt":"2020-01-24T03:02:58","slug":"20200123-ona0002-1-1","status":"inherit","type":"attachment","link":"https:\/\/timeline-germany.de\/en\/20200123-ona0002-1-1","title":{"rendered":"20200123-ONA0002-1-1"},"author":0,"featured_media":0,"comment_status":"open","ping_status":"closed","template":"","meta":{"colormag_page_container_layout":"default_layout","colormag_page_sidebar_layout":"default_layout"},"class_list":["post-8113","attachment","type-attachment","status-inherit","hentry"],"aioseo_notices":[],"description":{"rendered":"<p class=\"attachment\"><a href='https:\/\/timeline-germany.de\/wp-content\/uploads\/2020\/01\/20200123-ONA0002-1-1.jpg'><img loading=\"lazy\" decoding=\"async\" width=\"300\" height=\"187\" src=\"https:\/\/timeline-germany.de\/wp-content\/uploads\/2020\/01\/20200123-ONA0002-1-1-300x187.jpg\" class=\"attachment-medium size-medium\" alt=\"\" srcset=\"https:\/\/timeline-germany.de\/wp-content\/uploads\/2020\/01\/20200123-ONA0002-1-1-300x187.jpg 300w, https:\/\/timeline-germany.de\/wp-content\/uploads\/2020\/01\/20200123-ONA0002-1-1.jpg 569w\" sizes=\"auto, (max-width: 300px) 100vw, 300px\" \/><\/a><\/p>\n"},"caption":{"rendered":""},"alt_text":"","media_type":"image","mime_type":"image\/jpeg","media_details":{"width":569,"height":355,"file":"2020\/01\/20200123-ONA0002-1-1.jpg","sizes":{"thumbnail":{"file":"20200123-ONA0002-1-1-150x150.jpg","width":150,"height":150,"mime_type":"image\/jpeg","source_url":"https:\/\/timeline-germany.de\/wp-content\/uploads\/2020\/01\/20200123-ONA0002-1-1-150x150.jpg"},"medium":{"file":"20200123-ONA0002-1-1-300x187.jpg","width":300,"height":187,"mime_type":"image\/jpeg","source_url":"https:\/\/timeline-germany.de\/wp-content\/uploads\/2020\/01\/20200123-ONA0002-1-1-300x187.jpg"},"colormag-highlighted-post":{"file":"20200123-ONA0002-1-1-392x272.jpg","width":392,"height":272,"mime_type":"image\/jpeg","source_url":"https:\/\/timeline-germany.de\/wp-content\/uploads\/2020\/01\/20200123-ONA0002-1-1-392x272.jpg"},"colormag-featured-post-medium":{"file":"20200123-ONA0002-1-1-390x205.jpg","width":390,"height":205,"mime_type":"image\/jpeg","source_url":"https:\/\/timeline-germany.de\/wp-content\/uploads\/2020\/01\/20200123-ONA0002-1-1-390x205.jpg"},"colormag-featured-post-small":{"file":"20200123-ONA0002-1-1-130x90.jpg","width":130,"height":90,"mime_type":"image\/jpeg","source_url":"https:\/\/timeline-germany.de\/wp-content\/uploads\/2020\/01\/20200123-ONA0002-1-1-130x90.jpg"},"full":{"file":"20200123-ONA0002-1-1.jpg","width":569,"height":355,"mime_type":"image\/jpeg","source_url":"https:\/\/timeline-germany.de\/wp-content\/uploads\/2020\/01\/20200123-ONA0002-1-1.jpg"}},"image_meta":{"aperture":"0","credit":"","camera":"","caption":"Die Zillertal Arena \u2013 das gr\u00f6\u00dfte Skigebiet des Zillertals \u2013 bietet ab sofort als einziges Skigebiet weltweit einen permanenten Landingbag (ein riesiges Luftkissen) f\u00fcr Jedermann, der im Winter mit echten Schneeabspr\u00fcngen benutzt werden kann. Das Angebot ist f\u00fcr alle Zillertal Arena G\u00e4ste kostenlos!","created_timestamp":"0","copyright":"","focal_length":"0","iso":"0","shutter_speed":"0","title":"Die Zillertal Arena, das gr\u00f6\u00dfte Skigebiet des Zillertals, bietet ab sofort\nals einziges Skigebiet weltweit einen permanenten Landingbag (kostenlos\nbenutzbar).","orientation":"0","keywords":["Ski"]}},"post":null,"source_url":"https:\/\/timeline-germany.de\/wp-content\/uploads\/2020\/01\/20200123-ONA0002-1-1.jpg","_links":{"self":[{"href":"https:\/\/timeline-germany.de\/en\/wp-json\/wp\/v2\/media\/8113","targetHints":{"allow":["GET"]}}],"collection":[{"href":"https:\/\/timeline-germany.de\/en\/wp-json\/wp\/v2\/media"}],"about":[{"href":"https:\/\/timeline-germany.de\/en\/wp-json\/wp\/v2\/types\/attachment"}],"replies":[{"embeddable":true,"href":"https:\/\/timeline-germany.de\/en\/wp-json\/wp\/v2\/comments?post=8113"}]}}